{"id":62,"date":"2018-02-05T23:33:08","date_gmt":"2018-02-05T22:33:08","guid":{"rendered":"http:\/\/blog.perspektive-hoeren.info\/?page_id=62"},"modified":"2020-02-03T13:58:16","modified_gmt":"2020-02-03T12:58:16","slug":"das-cochlea-implantat","status":"publish","type":"page","link":"http:\/\/blog.perspektive-hoeren.info\/ro\/das-cochlea-implantat\/","title":{"rendered":"Das Cochlea Implantat"},"content":{"rendered":"<figure id=\"attachment_158\" aria-describedby=\"caption-attachment-158\" style=\"width: 300px\" class=\"wp-caption alignright\"><a href=\"http:\/\/blog.perspektive-hoeren.info\/wp-content\/uploads\/2018\/03\/cochlea.jpg\"><img fetchpriority=\"high\" decoding=\"async\" class=\"size-medium wp-image-158\" src=\"http:\/\/blog.perspektive-hoeren.info\/wp-content\/uploads\/2018\/03\/cochlea-300x226.jpg\" alt=\"\" width=\"300\" height=\"226\" srcset=\"http:\/\/blog.perspektive-hoeren.info\/wp-content\/uploads\/2018\/03\/cochlea-300x226.jpg 300w, http:\/\/blog.perspektive-hoeren.info\/wp-content\/uploads\/2018\/03\/cochlea.jpg 480w\" sizes=\"(max-width: 300px) 100vw, 300px\" \/><\/a><figcaption id=\"caption-attachment-158\" class=\"wp-caption-text\">Cochlea-Implantat in H\u00f6rschnecke.<br \/>In Abh\u00e4ngigkeit des Ortes der elektrischen Stimulation<br \/>werden verschiedene H\u00f6reindr\u00fccke erzeugt.<br \/>\u00a9 Cochlear Ltd.<\/figcaption><\/figure>\n<p>Das Cochlea Implantat (CI) ist eine elektronische H\u00f6rhilfe, die es geh\u00f6rlosen, hochgradig h\u00f6rgesch\u00e4digten und ertaubten Kindern, Jugendlichen und Erwachsenen erm\u00f6glicht, wieder zu h\u00f6ren bzw. das H\u00f6ren zu lernen.<\/p>\n<p>In einer Operation wird das Empfangsteil (das Implantat) unter der Kopfhaut eingesetzt, von wo aus ein d\u00fcnner Draht elektrische Impulse zum H\u00f6rnerv transportiert. Das Gehirn interpretiert diese Impulse als H\u00f6ren.<\/p>\n<p>Stimuliert wird das Implantat unter der Kopfhaut durch eine Sendespule, die au\u00dfen auf der Kopfhaut aufliegt und durch einen kleinen Magneten gehalten wird.<\/p>\n<p>Ein Prozessor, die wie ein H\u00f6rger\u00e4t hinter dem Ohr getragen wird, nimmt \u00fcber ein Mikrofon die Schallwellen von Ger\u00e4uschen, Sprache und Musik auf, wandelt sie in elektrische Impulse um und leitet sie \u00fcber einen d\u00fcnnen Draht an die Sendespule weiter.<\/p>\n<p>So k\u00f6nnen geh\u00f6rlose Kinder eine weitgehend unauff\u00e4llige und gute Sprachkompetenz erwerben..<\/p>\n<p>Weiterf\u00fchrende Links:<\/p>\n<ul>\n<li><a href=\"http:\/\/www.advancedbionics.com\/de\/de\/home.html\" target=\"_blank\" rel=\"noopener noreferrer\">Advanced Bionics<\/a><\/li>\n<li><a href=\"http:\/\/www.cochlear.com\/\" target=\"_blank\" rel=\"noopener noreferrer\">Cochlear<\/a><\/li>\n<li><a href=\"http:\/\/www.dcig.de\/\" target=\"_blank\" rel=\"noopener noreferrer\">DCIG (Deutsche Cochlea Implant Gesellschaft)<\/a><\/li>\n<li><a href=\"http:\/\/www.medel.com\/de\/\" target=\"_blank\" rel=\"noopener noreferrer\">MED-EL<\/a><\/li>\n<\/ul>\n\n\n<p><\/p>\n","protected":false},"excerpt":{"rendered":"<p>Das Cochlea Implantat (CI) ist eine elektronische H\u00f6rhilfe, die es geh\u00f6rlosen, hochgradig h\u00f6rgesch\u00e4digten und ertaubten Kindern, Jugendlichen und Erwachsenen erm\u00f6glicht,<\/p>\n","protected":false},"author":1,"featured_media":0,"parent":0,"menu_order":0,"comment_status":"closed","ping_status":"closed","template":"","meta":{"colormag_page_container_layout":"default_layout","colormag_page_sidebar_layout":"default_layout","footnotes":""},"class_list":["post-62","page","type-page","status-publish","hentry"],"translation":{"provider":"WPGlobus","version":"3.0.2","language":"ro","enabled_languages":["de","ro"],"languages":{"de":{"title":true,"content":true,"excerpt":false},"ro":{"title":false,"content":false,"excerpt":false}}},"yoast_head":"<!-- This site is optimized with the Yoast SEO plugin v27.5 - https:\/\/yoast.com\/product\/yoast-seo-wordpress\/ -->\n<title>Das Cochlea Implantat - Perspektive H\u00f6ren<\/title>\n<meta name=\"robots\" content=\"index, follow, max-snippet:-1, max-image-preview:large, max-video-preview:-1\" \/>\n<link rel=\"canonical\" href=\"https:\/\/blog.perspektive-hoeren.info\/das-cochlea-implantat\/\" \/>\n<meta property=\"og:locale\" content=\"ro_RO\" \/>\n<meta property=\"og:type\" content=\"article\" \/>\n<meta property=\"og:title\" content=\"Das Cochlea Implantat - Perspektive H\u00f6ren\" \/>\n<meta property=\"og:url\" content=\"https:\/\/blog.perspektive-hoeren.info\/das-cochlea-implantat\/\" \/>\n<meta property=\"og:site_name\" content=\"Perspektive H\u00f6ren\" \/>\n<meta property=\"article:modified_time\" content=\"2020-02-03T12:58:16+00:00\" \/>\n<meta property=\"og:image\" content=\"http:\/\/blog.perspektive-hoeren.info\/wp-content\/uploads\/2018\/03\/cochlea-300x226.jpg\" \/>\n<meta name=\"twitter:card\" content=\"summary_large_image\" \/>\n<meta name=\"twitter:label1\" content=\"Est. reading time\" \/>\n\t<meta name=\"twitter:data1\" content=\"1 minute\" \/>\n<script type=\"application\/ld+json\" class=\"yoast-schema-graph\">{\"@context\":\"https:\\\/\\\/schema.org\",\"@graph\":[{\"@type\":\"WebPage\",\"@id\":\"https:\\\/\\\/blog.perspektive-hoeren.info\\\/das-cochlea-implantat\\\/\",\"url\":\"https:\\\/\\\/blog.perspektive-hoeren.info\\\/das-cochlea-implantat\\\/\",\"name\":\"Das Cochlea Implantat - Perspektive H\u00f6ren\",\"isPartOf\":{\"@id\":\"https:\\\/\\\/blog.perspektive-hoeren.info\\\/#website\"},\"primaryImageOfPage\":{\"@id\":\"https:\\\/\\\/blog.perspektive-hoeren.info\\\/das-cochlea-implantat\\\/#primaryimage\"},\"image\":{\"@id\":\"https:\\\/\\\/blog.perspektive-hoeren.info\\\/das-cochlea-implantat\\\/#primaryimage\"},\"thumbnailUrl\":\"http:\\\/\\\/blog.perspektive-hoeren.info\\\/wp-content\\\/uploads\\\/2018\\\/03\\\/cochlea-300x226.jpg\",\"datePublished\":\"2018-02-05T22:33:08+00:00\",\"dateModified\":\"2020-02-03T12:58:16+00:00\",\"breadcrumb\":{\"@id\":\"https:\\\/\\\/blog.perspektive-hoeren.info\\\/das-cochlea-implantat\\\/#breadcrumb\"},\"inLanguage\":\"ro-RO\",\"potentialAction\":[{\"@type\":\"ReadAction\",\"target\":[\"https:\\\/\\\/blog.perspektive-hoeren.info\\\/das-cochlea-implantat\\\/\"]}]},{\"@type\":\"ImageObject\",\"inLanguage\":\"ro-RO\",\"@id\":\"https:\\\/\\\/blog.perspektive-hoeren.info\\\/das-cochlea-implantat\\\/#primaryimage\",\"url\":\"http:\\\/\\\/blog.perspektive-hoeren.info\\\/wp-content\\\/uploads\\\/2018\\\/03\\\/cochlea-300x226.jpg\",\"contentUrl\":\"http:\\\/\\\/blog.perspektive-hoeren.info\\\/wp-content\\\/uploads\\\/2018\\\/03\\\/cochlea-300x226.jpg\"},{\"@type\":\"BreadcrumbList\",\"@id\":\"https:\\\/\\\/blog.perspektive-hoeren.info\\\/das-cochlea-implantat\\\/#breadcrumb\",\"itemListElement\":[{\"@type\":\"ListItem\",\"position\":1,\"name\":\"Startseite\",\"item\":\"https:\\\/\\\/blog.perspektive-hoeren.info\\\/\"},{\"@type\":\"ListItem\",\"position\":2,\"name\":\"Das Cochlea Implantat\"}]},{\"@type\":\"WebSite\",\"@id\":\"https:\\\/\\\/blog.perspektive-hoeren.info\\\/#website\",\"url\":\"https:\\\/\\\/blog.perspektive-hoeren.info\\\/\",\"name\":\"Perspektive H\u00f6ren\",\"description\":\"F\u00f6rderverein f\u00fcr h\u00f6rgesch\u00e4digte Kinder und Jugendliche in Rum\u00e4nien und anderen osteurop\u00e4ischen L\u00e4ndern e.V.\",\"publisher\":{\"@id\":\"https:\\\/\\\/blog.perspektive-hoeren.info\\\/#organization\"},\"potentialAction\":[{\"@type\":\"SearchAction\",\"target\":{\"@type\":\"EntryPoint\",\"urlTemplate\":\"https:\\\/\\\/blog.perspektive-hoeren.info\\\/?s={search_term_string}\"},\"query-input\":{\"@type\":\"PropertyValueSpecification\",\"valueRequired\":true,\"valueName\":\"search_term_string\"}}],\"inLanguage\":\"ro-RO\"},{\"@type\":\"Organization\",\"@id\":\"https:\\\/\\\/blog.perspektive-hoeren.info\\\/#organization\",\"name\":\"Perspektive H\u00f6ren\",\"url\":\"https:\\\/\\\/blog.perspektive-hoeren.info\\\/\",\"logo\":{\"@type\":\"ImageObject\",\"inLanguage\":\"ro-RO\",\"@id\":\"https:\\\/\\\/blog.perspektive-hoeren.info\\\/#\\\/schema\\\/logo\\\/image\\\/\",\"url\":\"http:\\\/\\\/blog.perspektive-hoeren.info\\\/wp-content\\\/uploads\\\/2018\\\/02\\\/cropped-Perspektive_mobile.png\",\"contentUrl\":\"http:\\\/\\\/blog.perspektive-hoeren.info\\\/wp-content\\\/uploads\\\/2018\\\/02\\\/cropped-Perspektive_mobile.png\",\"width\":598,\"height\":92,\"caption\":\"Perspektive H\u00f6ren\"},\"image\":{\"@id\":\"https:\\\/\\\/blog.perspektive-hoeren.info\\\/#\\\/schema\\\/logo\\\/image\\\/\"}}]}<\/script>\n<!-- \/ Yoast SEO plugin. -->","yoast_head_json":{"title":"Das Cochlea Implantat - Perspektive H\u00f6ren","robots":{"index":"index","follow":"follow","max-snippet":"max-snippet:-1","max-image-preview":"max-image-preview:large","max-video-preview":"max-video-preview:-1"},"canonical":"https:\/\/blog.perspektive-hoeren.info\/das-cochlea-implantat\/","og_locale":"ro_RO","og_type":"article","og_title":"Das Cochlea Implantat - Perspektive H\u00f6ren","og_url":"https:\/\/blog.perspektive-hoeren.info\/das-cochlea-implantat\/","og_site_name":"Perspektive H\u00f6ren","article_modified_time":"2020-02-03T12:58:16+00:00","og_image":[{"url":"http:\/\/blog.perspektive-hoeren.info\/wp-content\/uploads\/2018\/03\/cochlea-300x226.jpg","type":"","width":"","height":""}],"twitter_card":"summary_large_image","twitter_misc":{"Est. reading time":"1 minute"},"schema":{"@context":"https:\/\/schema.org","@graph":[{"@type":"WebPage","@id":"https:\/\/blog.perspektive-hoeren.info\/das-cochlea-implantat\/","url":"https:\/\/blog.perspektive-hoeren.info\/das-cochlea-implantat\/","name":"Das Cochlea Implantat - Perspektive H\u00f6ren","isPartOf":{"@id":"https:\/\/blog.perspektive-hoeren.info\/#website"},"primaryImageOfPage":{"@id":"https:\/\/blog.perspektive-hoeren.info\/das-cochlea-implantat\/#primaryimage"},"image":{"@id":"https:\/\/blog.perspektive-hoeren.info\/das-cochlea-implantat\/#primaryimage"},"thumbnailUrl":"http:\/\/blog.perspektive-hoeren.info\/wp-content\/uploads\/2018\/03\/cochlea-300x226.jpg","datePublished":"2018-02-05T22:33:08+00:00","dateModified":"2020-02-03T12:58:16+00:00","breadcrumb":{"@id":"https:\/\/blog.perspektive-hoeren.info\/das-cochlea-implantat\/#breadcrumb"},"inLanguage":"ro-RO","potentialAction":[{"@type":"ReadAction","target":["https:\/\/blog.perspektive-hoeren.info\/das-cochlea-implantat\/"]}]},{"@type":"ImageObject","inLanguage":"ro-RO","@id":"https:\/\/blog.perspektive-hoeren.info\/das-cochlea-implantat\/#primaryimage","url":"http:\/\/blog.perspektive-hoeren.info\/wp-content\/uploads\/2018\/03\/cochlea-300x226.jpg","contentUrl":"http:\/\/blog.perspektive-hoeren.info\/wp-content\/uploads\/2018\/03\/cochlea-300x226.jpg"},{"@type":"BreadcrumbList","@id":"https:\/\/blog.perspektive-hoeren.info\/das-cochlea-implantat\/#breadcrumb","itemListElement":[{"@type":"ListItem","position":1,"name":"Startseite","item":"https:\/\/blog.perspektive-hoeren.info\/"},{"@type":"ListItem","position":2,"name":"Das Cochlea Implantat"}]},{"@type":"WebSite","@id":"https:\/\/blog.perspektive-hoeren.info\/#website","url":"https:\/\/blog.perspektive-hoeren.info\/","name":"Perspektive H\u00f6ren","description":"F\u00f6rderverein f\u00fcr h\u00f6rgesch\u00e4digte Kinder und Jugendliche in Rum\u00e4nien und anderen osteurop\u00e4ischen L\u00e4ndern e.V.","publisher":{"@id":"https:\/\/blog.perspektive-hoeren.info\/#organization"},"potentialAction":[{"@type":"SearchAction","target":{"@type":"EntryPoint","urlTemplate":"https:\/\/blog.perspektive-hoeren.info\/?s={search_term_string}"},"query-input":{"@type":"PropertyValueSpecification","valueRequired":true,"valueName":"search_term_string"}}],"inLanguage":"ro-RO"},{"@type":"Organization","@id":"https:\/\/blog.perspektive-hoeren.info\/#organization","name":"Perspektive H\u00f6ren","url":"https:\/\/blog.perspektive-hoeren.info\/","logo":{"@type":"ImageObject","inLanguage":"ro-RO","@id":"https:\/\/blog.perspektive-hoeren.info\/#\/schema\/logo\/image\/","url":"http:\/\/blog.perspektive-hoeren.info\/wp-content\/uploads\/2018\/02\/cropped-Perspektive_mobile.png","contentUrl":"http:\/\/blog.perspektive-hoeren.info\/wp-content\/uploads\/2018\/02\/cropped-Perspektive_mobile.png","width":598,"height":92,"caption":"Perspektive H\u00f6ren"},"image":{"@id":"https:\/\/blog.perspektive-hoeren.info\/#\/schema\/logo\/image\/"}}]}},"wps_subtitle":"","_links":{"self":[{"href":"http:\/\/blog.perspektive-hoeren.info\/ro\/wp-json\/wp\/v2\/pages\/62","targetHints":{"allow":["GET"]}}],"collection":[{"href":"http:\/\/blog.perspektive-hoeren.info\/ro\/wp-json\/wp\/v2\/pages"}],"about":[{"href":"http:\/\/blog.perspektive-hoeren.info\/ro\/wp-json\/wp\/v2\/types\/page"}],"author":[{"embeddable":true,"href":"http:\/\/blog.perspektive-hoeren.info\/ro\/wp-json\/wp\/v2\/users\/1"}],"replies":[{"embeddable":true,"href":"http:\/\/blog.perspektive-hoeren.info\/ro\/wp-json\/wp\/v2\/comments?post=62"}],"version-history":[{"count":2,"href":"http:\/\/blog.perspektive-hoeren.info\/ro\/wp-json\/wp\/v2\/pages\/62\/revisions"}],"predecessor-version":[{"id":811,"href":"http:\/\/blog.perspektive-hoeren.info\/ro\/wp-json\/wp\/v2\/pages\/62\/revisions\/811"}],"wp:attachment":[{"href":"http:\/\/blog.perspektive-hoeren.info\/ro\/wp-json\/wp\/v2\/media?parent=62"}],"curies":[{"name":"wp","href":"https:\/\/api.w.org\/{rel}","templated":true}]}}